{"id":1189,"date":"2011-01-15T17:28:24","date_gmt":"2011-01-15T16:28:24","guid":{"rendered":"http:\/\/www.mundi-roth.de\/teneriffa-blog\/"},"modified":"2016-05-18T13:45:46","modified_gmt":"2016-05-18T12:45:46","slug":"grundregeln","status":"publish","type":"page","link":"https:\/\/www.mundi-roth.de\/teneriffa-blog\/grundregeln\/","title":{"rendered":"Grundregeln"},"content":{"rendered":"<p>Auf Grund vieler positiver Kommentare wissen wir inzwischen, dass unsere Wanderbeschreibungen gut ankommen, angenommen werden und danach auch tats\u00e4chlich gewandert wird.<br \/>\nDas freut uns nat\u00fcrlich au\u00dferordentlich!<br \/>\nAuch die Aussage: \u201e<strong><em>Wenn man diese Beschreibung dabei hat, kann man sich wirklich nicht verlaufen<\/em><\/strong>\u201c, best\u00e4rkt uns in unseren Bem\u00fchungen exakte Angaben zu machen.<\/p>\n<p>Lesen wir dagegen die Feststellung:<br \/>\n\u201e<strong><em>Es sollte erw\u00e4hnt werden, dass die Wege sehr steinig sind und dass man unbedingt feste Schuhe braucht.<\/em><\/strong>\u201c<br \/>\ndann m\u00fcssen wir gestehen, dass wir da offensichtlich Dinge als allgemein bekannt unterstellt haben, die es nicht sind!<\/p>\n<p>Wir greifen jedoch den Vorschlag auf und versuchen allgemein g\u00fcltige Regeln f\u00fcr das Wandern zusammenzustellen:<\/p>\n<p>Eins, allen Dingen, voraus:<\/p>\n<p><strong>Sie wandern auf eigene Verantwortung!<br \/>\nSch\u00e4tzen Sie Ihre Kr\u00e4fte richtig ein!<br \/>\nSie m\u00fcssen Keinem und Niemandem beweisen was Sie k\u00f6nnen und dass Sie es k\u00f6nnen!<\/strong><\/p>\n<ul>\n<li>Nie alleine wandern!\u00a0 (auf das Handy ist hier kein Verlass, da es nicht \u00fcberall Netzempfang gibt und die Wanderungen auch nicht allzu heftig begangen werden)<\/li>\n<\/ul>\n<ul>\n<li>Festes Schuhwerk mit griffiger Sohle ist Voraussetzung\u00a0 (die Wanderrouten gehen zum Teil \u00fcber Lava, Ger\u00f6ll, und uneben sind sie alle)<\/li>\n<\/ul>\n<ul>\n<li>Lange Hosen sind kurzen vorzuziehen\u00a0 (Schutz vor Str\u00e4uchern, Dornen und beim Ausrutschen vor Steinen und Erde)<\/li>\n<\/ul>\n<ul>\n<li>St\u00f6cke sind \u00e4u\u00dferst hilfreich\u00a0 (sie bieten Halt, schonen die Kniegelenke)<\/li>\n<\/ul>\n<ul>\n<li>Sonnenschutz ist unabdingbar\u00a0\u00a0 (Hut oder Kappe, Sonnenbrille, Sonnenschutzcreme, je nach Lage auch lang\u00e4rmliges Hemd oder Bluse)<\/li>\n<\/ul>\n<ul>\n<li>W\u00e4rmende Jacken oder Pullover sollten immer mit im Rucksack sein\u00a0 (selbst hier auf der Insel des ewigen Fr\u00fchlings kann es in h\u00f6heren Lagen ausgesprochen kalt sein)<\/li>\n<\/ul>\n<ul>\n<li>Regenschutz ist ebenfalls angebracht\u00a0 (und sei es nur, dass man sich vor den \u201ewolkenmelkenden\u201c kanarischen Kiefern sch\u00fctzen will)<\/li>\n<\/ul>\n<ul>\n<li>Getr\u00e4nke &#8211; 1 bis 2 Liter pro Person &#8211; und Proviant\u00a0 (es ist allgemein bekannt, dass man m\u00f6glichst viel trinken soll, bevorzugt Wasser, eventuell mit Apfelsaft versetzt, auch empfiehlt es sich etwas Proviant in Form von Obst etc. mitzunehmen, da nicht gleich um die Ecke ein Restaurant zu finden ist)<\/li>\n<\/ul>\n<ul>\n<li>Ein \u201eNotfallset\u201c sollte ebenfalls mitgef\u00fchrt werden\u00a0 (ich habe stets Schwedenkr\u00e4uter zum Desinfizieren von kleineren Hautabsch\u00fcrfungen dabei, Ringelblumensalbe, Bachbl\u00fcten-Rescue-Tropfen, eine Mullbinde, Pflaster und ein Dreiecktuch mit Sicherheitsnadel.)<\/li>\n<li><\/li>\n<li>Das alles sind Dinge, die mir seit meiner Kindheit vertraut sind, (<em>au\u00dfer<\/em> <em>dem Handy<\/em>) daher habe ich es bisher vers\u00e4umt, besonders darauf hinzuweisen.<\/li>\n<\/ul>\n<p><strong>Bezeichnungen<\/strong><br \/>\nWenn Sie unterwegs auf folgende Schilder sto\u00dfen, dann bedeutet das:<\/p>\n<p><strong>Monumento Natural<\/strong> = Geologisches Schutzgebiet<br \/>\n<strong>Paisaje protegido <\/strong>= Landschaftsschutzgebiet<br \/>\n<strong>Sitio de Inter\u00e9s Cientifico<\/strong> = Gebiet von wissenschaftlichem Interesse<br \/>\n<strong>Parque natural<\/strong> = Naturpark<br \/>\n<strong>Parque rural<\/strong> = Landschaftspark<br \/>\n<strong>Reserva natural integral<\/strong> = Naturschutzgebiet<br \/>\n<strong>Reserva Natural Especial<\/strong> = Naturschutzgebiet<\/p>\n<p>Das <strong>Gebiet des Teide<\/strong> wurde durch Erlass vom 22. Januar 1954 zum\u00a0 Nationalpark erhoben.<br \/>\nDas Gesetz 5\/1981 vom 25. M\u00e4rz 1981 legt unter Anwendung des Gesetzes \u00fcber gesch\u00fctzte Naturr\u00e4ume ein Sonderrechtssystem f\u00fcr den Park fest.<br \/>\nAm 2. Juli 1999 wurde die Erweiterung des Nationsparks auf die heutige Fl\u00e4che von 18.990 ha beschlossen.<\/p>\n<p><strong>F\u00fcr alle diese Gebiete gil<\/strong>t:<br \/>\nPflanzen und Tiere, aber auch die bizarren Gesteinsformationen sind gesch\u00fctzt. Hunde sind an der Leine zu f\u00fchren.<br \/>\nVerboten ist au\u00dferdem das Verlassen der Wanderwege sowie das Campieren.<\/p>\n<p>Selbstverst\u00e4ndlich sollte es sein, dass man die Reste dessen, was man auf die Wanderung mitnimmt, wieder mit nach Hause nimmt. (Die Amerikaner haben da eine pr\u00e4gnante Regel: <em>What you can take in you can take out.<\/em>)<br \/>\nEs ist eine irrige Meinung, dass z. B. Orangenschalen biologisch abgebaut werden, (selbst auf den heimischen Kompost soll man sie nicht werfen) und man sie ruhig in die Landschaft werfen kann.<br \/>\nEin Ranger in den Ca\u00f1adas machte ausdr\u00fccklich auf die Sch\u00e4dlichkeit der gespritzten Schalen aufmerksam, die das sensible \u00f6kologische Gleichgewicht zerst\u00f6ren.<br \/>\nDass Butterbrotpapiere, Bonbonpapierchen, Tempot\u00fccher nicht in die Landschaft geworfen werden sollen, ist auch klar.<\/p>\n<p>Bei zuk\u00fcnftigen Wanderbeschreibungen werde ich auf diese Ausf\u00fchrungen mit dem Hinweis \u201eGrundregeln\u201c verweisen.<\/p>\n","protected":false},"excerpt":{"rendered":"<p>Auf Grund vieler positiver Kommentare wissen wir inzwischen, dass unsere Wanderbeschreibungen gut ankommen, angenommen werden und danach auch tats\u00e4chlich gewandert wird. Das freut uns nat\u00fcrlich au\u00dferordentlich! Auch die Aussage: \u201eWenn man diese Beschreibung dabei hat, kann man sich wirklich nicht verlaufen\u201c, best\u00e4rkt uns in unseren Bem\u00fchungen exakte Angaben zu machen. Lesen wir dagegen die Feststellung: [&hellip;]<\/p>\n","protected":false},"author":1,"featured_media":3688,"parent":0,"menu_order":0,"comment_status":"open","ping_status":"open","template":"","meta":{"footnotes":""},"class_list":["post-1189","page","type-page","status-publish","has-post-thumbnail","hentry"],"yoast_head":"<!-- This site is optimized with the Yoast SEO plugin v27.5 - https:\/\/yoast.com\/product\/yoast-seo-wordpress\/ -->\n<title>Grundregeln - Teneriffa Wandern<\/title>\n<meta name=\"description\" content=\"Grundregeln f\u00fcr&#039;s Wandern. Nicht nur f\u00fcr Wanderungen in den Bergen oder gar nur auf Teneriffa, sondern ganz allgemein. Angereichert mit Tipps f\u00fcr Teneriffa.\" \/>\n<meta name=\"robots\" content=\"index, follow, max-snippet:-1, max-image-preview:large, max-video-preview:-1\" \/>\n<link rel=\"canonical\" href=\"https:\/\/www.mundi-roth.de\/teneriffa-blog\/grundregeln\/\" \/>\n<meta name=\"twitter:label1\" content=\"Gesch\u00e4tzte Lesezeit\" \/>\n\t<meta name=\"twitter:data1\" content=\"3\u00a0Minuten\" \/>\n<script type=\"application\/ld+json\" class=\"yoast-schema-graph\">{\"@context\":\"https:\\\/\\\/schema.org\",\"@graph\":[{\"@type\":\"WebPage\",\"@id\":\"https:\\\/\\\/www.mundi-roth.de\\\/teneriffa-blog\\\/grundregeln\\\/\",\"url\":\"https:\\\/\\\/www.mundi-roth.de\\\/teneriffa-blog\\\/grundregeln\\\/\",\"name\":\"Grundregeln - Teneriffa Wandern\",\"isPartOf\":{\"@id\":\"https:\\\/\\\/www.mundi-roth.de\\\/teneriffa-blog\\\/#website\"},\"primaryImageOfPage\":{\"@id\":\"https:\\\/\\\/www.mundi-roth.de\\\/teneriffa-blog\\\/grundregeln\\\/#primaryimage\"},\"image\":{\"@id\":\"https:\\\/\\\/www.mundi-roth.de\\\/teneriffa-blog\\\/grundregeln\\\/#primaryimage\"},\"thumbnailUrl\":\"https:\\\/\\\/www.mundi-roth.de\\\/teneriffa-blog\\\/wp-content\\\/uploads\\\/2015\\\/01\\\/P1170274.jpg\",\"datePublished\":\"2011-01-15T16:28:24+00:00\",\"dateModified\":\"2016-05-18T12:45:46+00:00\",\"description\":\"Grundregeln f\u00fcr's Wandern. Nicht nur f\u00fcr Wanderungen in den Bergen oder gar nur auf Teneriffa, sondern ganz allgemein. Angereichert mit Tipps f\u00fcr Teneriffa.\",\"breadcrumb\":{\"@id\":\"https:\\\/\\\/www.mundi-roth.de\\\/teneriffa-blog\\\/grundregeln\\\/#breadcrumb\"},\"inLanguage\":\"de\",\"potentialAction\":[{\"@type\":\"ReadAction\",\"target\":[\"https:\\\/\\\/www.mundi-roth.de\\\/teneriffa-blog\\\/grundregeln\\\/\"]}]},{\"@type\":\"ImageObject\",\"inLanguage\":\"de\",\"@id\":\"https:\\\/\\\/www.mundi-roth.de\\\/teneriffa-blog\\\/grundregeln\\\/#primaryimage\",\"url\":\"https:\\\/\\\/www.mundi-roth.de\\\/teneriffa-blog\\\/wp-content\\\/uploads\\\/2015\\\/01\\\/P1170274.jpg\",\"contentUrl\":\"https:\\\/\\\/www.mundi-roth.de\\\/teneriffa-blog\\\/wp-content\\\/uploads\\\/2015\\\/01\\\/P1170274.jpg\",\"width\":616,\"height\":800,\"caption\":\"Neue Wegweiser\"},{\"@type\":\"BreadcrumbList\",\"@id\":\"https:\\\/\\\/www.mundi-roth.de\\\/teneriffa-blog\\\/grundregeln\\\/#breadcrumb\",\"itemListElement\":[{\"@type\":\"ListItem\",\"position\":1,\"name\":\"Startseite\",\"item\":\"https:\\\/\\\/www.mundi-roth.de\\\/teneriffa-blog\\\/\"},{\"@type\":\"ListItem\",\"position\":2,\"name\":\"Grundregeln\"}]},{\"@type\":\"WebSite\",\"@id\":\"https:\\\/\\\/www.mundi-roth.de\\\/teneriffa-blog\\\/#website\",\"url\":\"https:\\\/\\\/www.mundi-roth.de\\\/teneriffa-blog\\\/\",\"name\":\"Teneriffa Wandern\",\"description\":\"Nicht nur Wanderungen auf Teneriffa...\",\"potentialAction\":[{\"@type\":\"SearchAction\",\"target\":{\"@type\":\"EntryPoint\",\"urlTemplate\":\"https:\\\/\\\/www.mundi-roth.de\\\/teneriffa-blog\\\/?s={search_term_string}\"},\"query-input\":{\"@type\":\"PropertyValueSpecification\",\"valueRequired\":true,\"valueName\":\"search_term_string\"}}],\"inLanguage\":\"de\"}]}<\/script>\n<!-- \/ Yoast SEO plugin. -->","yoast_head_json":{"title":"Grundregeln - Teneriffa Wandern","description":"Grundregeln f\u00fcr's Wandern. Nicht nur f\u00fcr Wanderungen in den Bergen oder gar nur auf Teneriffa, sondern ganz allgemein. Angereichert mit Tipps f\u00fcr Teneriffa.","robots":{"index":"index","follow":"follow","max-snippet":"max-snippet:-1","max-image-preview":"max-image-preview:large","max-video-preview":"max-video-preview:-1"},"canonical":"https:\/\/www.mundi-roth.de\/teneriffa-blog\/grundregeln\/","twitter_misc":{"Gesch\u00e4tzte Lesezeit":"3\u00a0Minuten"},"schema":{"@context":"https:\/\/schema.org","@graph":[{"@type":"WebPage","@id":"https:\/\/www.mundi-roth.de\/teneriffa-blog\/grundregeln\/","url":"https:\/\/www.mundi-roth.de\/teneriffa-blog\/grundregeln\/","name":"Grundregeln - Teneriffa Wandern","isPartOf":{"@id":"https:\/\/www.mundi-roth.de\/teneriffa-blog\/#website"},"primaryImageOfPage":{"@id":"https:\/\/www.mundi-roth.de\/teneriffa-blog\/grundregeln\/#primaryimage"},"image":{"@id":"https:\/\/www.mundi-roth.de\/teneriffa-blog\/grundregeln\/#primaryimage"},"thumbnailUrl":"https:\/\/www.mundi-roth.de\/teneriffa-blog\/wp-content\/uploads\/2015\/01\/P1170274.jpg","datePublished":"2011-01-15T16:28:24+00:00","dateModified":"2016-05-18T12:45:46+00:00","description":"Grundregeln f\u00fcr's Wandern. Nicht nur f\u00fcr Wanderungen in den Bergen oder gar nur auf Teneriffa, sondern ganz allgemein. Angereichert mit Tipps f\u00fcr Teneriffa.","breadcrumb":{"@id":"https:\/\/www.mundi-roth.de\/teneriffa-blog\/grundregeln\/#breadcrumb"},"inLanguage":"de","potentialAction":[{"@type":"ReadAction","target":["https:\/\/www.mundi-roth.de\/teneriffa-blog\/grundregeln\/"]}]},{"@type":"ImageObject","inLanguage":"de","@id":"https:\/\/www.mundi-roth.de\/teneriffa-blog\/grundregeln\/#primaryimage","url":"https:\/\/www.mundi-roth.de\/teneriffa-blog\/wp-content\/uploads\/2015\/01\/P1170274.jpg","contentUrl":"https:\/\/www.mundi-roth.de\/teneriffa-blog\/wp-content\/uploads\/2015\/01\/P1170274.jpg","width":616,"height":800,"caption":"Neue Wegweiser"},{"@type":"BreadcrumbList","@id":"https:\/\/www.mundi-roth.de\/teneriffa-blog\/grundregeln\/#breadcrumb","itemListElement":[{"@type":"ListItem","position":1,"name":"Startseite","item":"https:\/\/www.mundi-roth.de\/teneriffa-blog\/"},{"@type":"ListItem","position":2,"name":"Grundregeln"}]},{"@type":"WebSite","@id":"https:\/\/www.mundi-roth.de\/teneriffa-blog\/#website","url":"https:\/\/www.mundi-roth.de\/teneriffa-blog\/","name":"Teneriffa Wandern","description":"Nicht nur Wanderungen auf Teneriffa...","potentialAction":[{"@type":"SearchAction","target":{"@type":"EntryPoint","urlTemplate":"https:\/\/www.mundi-roth.de\/teneriffa-blog\/?s={search_term_string}"},"query-input":{"@type":"PropertyValueSpecification","valueRequired":true,"valueName":"search_term_string"}}],"inLanguage":"de"}]}},"_links":{"self":[{"href":"https:\/\/www.mundi-roth.de\/teneriffa-blog\/wp-json\/wp\/v2\/pages\/1189","targetHints":{"allow":["GET"]}}],"collection":[{"href":"https:\/\/www.mundi-roth.de\/teneriffa-blog\/wp-json\/wp\/v2\/pages"}],"about":[{"href":"https:\/\/www.mundi-roth.de\/teneriffa-blog\/wp-json\/wp\/v2\/types\/page"}],"author":[{"embeddable":true,"href":"https:\/\/www.mundi-roth.de\/teneriffa-blog\/wp-json\/wp\/v2\/users\/1"}],"replies":[{"embeddable":true,"href":"https:\/\/www.mundi-roth.de\/teneriffa-blog\/wp-json\/wp\/v2\/comments?post=1189"}],"version-history":[{"count":0,"href":"https:\/\/www.mundi-roth.de\/teneriffa-blog\/wp-json\/wp\/v2\/pages\/1189\/revisions"}],"wp:featuredmedia":[{"embeddable":true,"href":"https:\/\/www.mundi-roth.de\/teneriffa-blog\/wp-json\/wp\/v2\/media\/3688"}],"wp:attachment":[{"href":"https:\/\/www.mundi-roth.de\/teneriffa-blog\/wp-json\/wp\/v2\/media?parent=1189"}],"curies":[{"name":"wp","href":"https:\/\/api.w.org\/{rel}","templated":true}]}}